{"id":1985,"date":"2022-09-12T09:17:44","date_gmt":"2022-09-12T09:17:44","guid":{"rendered":"https:\/\/www.capkelenn.com\/assessment\/"},"modified":"2026-01-15T09:30:50","modified_gmt":"2026-01-15T09:30:50","slug":"assessment-services","status":"publish","type":"page","link":"https:\/\/www.capkelenn.com\/fr\/assessment-services\/","title":{"rendered":"Assessment"},"content":{"rendered":"<p>[vc_row][vc_column]\n\t\t\t<!-- START Assessment FR REVOLUTION SLIDER 6.5.25 --><p class=\"rs-p-wp-fix\"><\/p>\n\t\t\t<rs-module-wrap id=\"rev_slider_37_1_wrapper\" data-source=\"gallery\" style=\"visibility:hidden;background:transparent;padding:0;\">\n\t\t\t\t<rs-module id=\"rev_slider_37_1\" style=\"\" data-version=\"6.5.25\">\n\t\t\t\t\t<rs-slides>\n\t\t\t\t\t\t<rs-slide style=\"position: absolute;\" data-key=\"rs-37\" data-title=\"Slide 1\" data-in=\"o:0;\" data-out=\"a:false;\">\n\t\t\t\t\t\t\t<img decoding=\"async\" src=\"\/\/www.capkelenn.com\/wp-content\/plugins\/revslider\/public\/assets\/assets\/dummy.png\" alt=\"Slide 1\" title=\"Assessment\" class=\"rev-slidebg tp-rs-img rs-lazyload\" data-lazyload=\"\/\/www.capkelenn.com\/wp-content\/plugins\/revslider\/public\/assets\/assets\/transparent.png\" data-bg=\"c:#ffffff;\" data-no-retina>\n<!--\n\t\t\t\t\t\t\t--><rs-layer\n\t\t\t\t\t\t\t\tid=\"slider-37-slide-37-layer-0\" \n\t\t\t\t\t\t\t\tclass=\"capa-oscura-slide\"\n\t\t\t\t\t\t\t\tdata-type=\"shape\"\n\t\t\t\t\t\t\t\tdata-rsp_ch=\"on\"\n\t\t\t\t\t\t\t\tdata-xy=\"x:c;\"\n\t\t\t\t\t\t\t\tdata-text=\"w:normal;s:20,20,20,7;l:0,0,0,9;\"\n\t\t\t\t\t\t\t\tdata-dim=\"w:100%;h:100%;\"\n\t\t\t\t\t\t\t\tdata-basealign=\"slide\"\n\t\t\t\t\t\t\t\tdata-border=\"bor:0,0,0px,300px;\"\n\t\t\t\t\t\t\t\tdata-frame_999=\"o:0;st:w;\"\n\t\t\t\t\t\t\t\tstyle=\"z-index:9;background-color:rgba(0,0,0,0.5);\"\n\t\t\t\t\t\t\t> \n\t\t\t\t\t\t\t<\/rs-layer><!--\n\n\t\t\t\t\t\t\t--><rs-layer\n\t\t\t\t\t\t\t\tid=\"slider-37-slide-37-layer-1\" \n\t\t\t\t\t\t\t\tdata-type=\"text\"\n\t\t\t\t\t\t\t\tdata-rsp_ch=\"on\"\n\t\t\t\t\t\t\t\tdata-xy=\"x:c;y:m;yo:-61px,-61px,-61px,-130px;\"\n\t\t\t\t\t\t\t\tdata-text=\"w:normal;s:46;l:54;fw:700;a:center;\"\n\t\t\t\t\t\t\t\tdata-dim=\"w:100%,100%,100%,90%;\"\n\t\t\t\t\t\t\t\tdata-frame_999=\"o:0;st:w;\"\n\t\t\t\t\t\t\t\tstyle=\"z-index:10;font-family:'Lato';\"\n\t\t\t\t\t\t\t>Assessment \n\t\t\t\t\t\t\t<\/rs-layer><!--\n\n\t\t\t\t\t\t\t--><rs-layer\n\t\t\t\t\t\t\t\tid=\"slider-37-slide-37-layer-2\" \n\t\t\t\t\t\t\t\tclass=\"rev-btn\"\n\t\t\t\t\t\t\t\tdata-type=\"button\"\n\t\t\t\t\t\t\t\tdata-rsp_ch=\"on\"\n\t\t\t\t\t\t\t\tdata-xy=\"x:c;xo:-3px,-3px,-3px,0;y:m;yo:94px,94px,94px,130px;\"\n\t\t\t\t\t\t\t\tdata-text=\"w:normal;s:16,16,16,20;l:26,26,26,25;fw:600;\"\n\t\t\t\t\t\t\t\tdata-dim=\"minh:0px,0px,0px,none;\"\n\t\t\t\t\t\t\t\tdata-actions='id:contacto;o:click;a:scrollto;sp:1000ms;e:power1.inOut;'\n\t\t\t\t\t\t\t\tdata-padding=\"t:5;r:50;b:5;l:50;\"\n\t\t\t\t\t\t\t\tdata-border=\"bos:solid;boc:#26b3cd;bow:1px,1px,1px,1px;bor:20px,20px,20px,20px;\"\n\t\t\t\t\t\t\t\tdata-frame_999=\"o:0;st:w;\"\n\t\t\t\t\t\t\t\tdata-frame_hover=\"c:#26b3cd;bgc:#fff;boc:#26b3cd;bor:20px,20px,20px,20px;bos:solid;bow:1px,1px,1px,1px;bri:120%;\"\n\t\t\t\t\t\t\t\tstyle=\"z-index:12;background-color:#26b3cd;font-family:'Poppins';\"\n\t\t\t\t\t\t\t>Contactez-nous \n\t\t\t\t\t\t\t<\/rs-layer><!--\n\n\t\t\t\t\t\t\t--><rs-layer\n\t\t\t\t\t\t\t\tid=\"slider-37-slide-37-layer-3\" \n\t\t\t\t\t\t\t\tclass=\"imagen-slide\"\n\t\t\t\t\t\t\t\tdata-type=\"image\"\n\t\t\t\t\t\t\t\tdata-rsp_ch=\"on\"\n\t\t\t\t\t\t\t\tdata-xy=\"x:c;y:m;\"\n\t\t\t\t\t\t\t\tdata-text=\"w:normal;s:20,20,20,7;l:0,0,0,9;\"\n\t\t\t\t\t\t\t\tdata-dim=\"w:['100%','100%','100%','100%'];h:['100%','100%','100%','100%'];\"\n\t\t\t\t\t\t\t\tdata-basealign=\"slide\"\n\t\t\t\t\t\t\t\tdata-border=\"bor:0,0,0px,300px;\"\n\t\t\t\t\t\t\t\tdata-frame_999=\"o:0;st:w;\"\n\t\t\t\t\t\t\t\tstyle=\"z-index:8;\"\n\t\t\t\t\t\t\t><img decoding=\"async\" src=\"\/\/www.capkelenn.com\/wp-content\/plugins\/revslider\/public\/assets\/assets\/dummy.png\" alt=\"assessment\" class=\"tp-rs-img rs-lazyload\" width=\"2560\" height=\"1746\" data-lazyload=\"\/\/www.capkelenn.com\/wp-content\/uploads\/2024\/02\/assessment_-scaled.jpg\" data-c=\"cover-proportional\" data-no-retina> \n\t\t\t\t\t\t\t<\/rs-layer><!--\n\n\t\t\t\t\t\t\t--><rs-layer\n\t\t\t\t\t\t\t\tid=\"slider-37-slide-37-layer-4\" \n\t\t\t\t\t\t\t\tdata-type=\"text\"\n\t\t\t\t\t\t\t\tdata-rsp_ch=\"on\"\n\t\t\t\t\t\t\t\tdata-xy=\"x:c;xo:-1px,-1px,-1px,0;y:m;yo:21px,21px,21px,11px;\"\n\t\t\t\t\t\t\t\tdata-text=\"w:normal;s:20,20,20,25;l:24,24,24,35;fw:300;a:center;\"\n\t\t\t\t\t\t\t\tdata-dim=\"w:100%,100%,100%,90%;\"\n\t\t\t\t\t\t\t\tdata-frame_999=\"o:0;st:w;\"\n\t\t\t\t\t\t\t\tstyle=\"z-index:11;font-family:'Poppins';\"\n\t\t\t\t\t\t\t>Nous accompagnons les entreprises \u00e0 \u00e9valuer leur capital humain aux constantes \u00e9volutions du march\u00e9.  \n\t\t\t\t\t\t\t<\/rs-layer><!--\n-->\t\t\t\t\t\t<\/rs-slide>\n\t\t\t\t\t<\/rs-slides>\n\t\t\t\t<\/rs-module>\n\t\t\t\t<script>\n\t\t\t\t\tsetREVStartSize({c: 'rev_slider_37_1',rl:[1240,1240,1240,480],el:[900,900,900,720],gw:[1240,1240,1240,480],gh:[900,900,900,720],type:'standard',justify:'',layout:'fullscreen',offsetContainer:'',offset:'32px',mh:\"0\"});if (window.RS_MODULES!==undefined && window.RS_MODULES.modules!==undefined && window.RS_MODULES.modules[\"revslider371\"]!==undefined) {window.RS_MODULES.modules[\"revslider371\"].once = false;window.revapi37 = undefined;if (window.RS_MODULES.checkMinimal!==undefined) window.RS_MODULES.checkMinimal()}\n\t\t\t\t<\/script>\n\t\t\t<\/rs-module-wrap>\n\t\t\t<!-- END REVOLUTION SLIDER -->\n[\/vc_column][\/vc_row][vc_row][vc_column]<div class=\"ult-spacer spacer-69f36f3435cd1\" data-id=\"69f36f3435cd1\" data-height=\"60\" data-height-mobile=\"60\" data-height-tab=\"60\" data-height-tab-portrait=\"\" data-height-mobile-landscape=\"\" style=\"clear:both;display:block;\"><\/div>[vc_row_inner][vc_column_inner width=\u00a0\u00bb1\/6&Prime;][\/vc_column_inner][vc_column_inner width=\u00a0\u00bb2\/3&Prime;][vc_custom_heading text=\u00a0\u00bbAnalyse de march\u00e9, Qu&rsquo;est-ce que cela implique ?\u00a0\u00bb font_container=\u00a0\u00bbtag:h2|text_align:center\u00a0\u00bb use_theme_fonts=\u00a0\u00bbyes\u00a0\u00bb el_class=\u00a0\u00bbprimary-color\u00a0\u00bb]<div class=\"ult-spacer spacer-69f36f3435d11\" data-id=\"69f36f3435d11\" data-height=\"30\" data-height-mobile=\"30\" data-height-tab=\"30\" data-height-tab-portrait=\"\" data-height-mobile-landscape=\"\" style=\"clear:both;display:block;\"><\/div>[\/vc_column_inner][vc_column_inner width=\u00a0\u00bb1\/6&Prime;][\/vc_column_inner][\/vc_row_inner][\/vc_column][\/vc_row][vc_row gap=\u00a0\u00bb35&Prime; equal_height=\u00a0\u00bbyes\u00a0\u00bb el_class=\u00a0\u00bbfila-consiste\u00a0\u00bb][vc_column width=\u00a0\u00bb1\/2&Prime;][vc_column_text]Nous remettons aux organisations une \u00e9valuation professionnelle de leur personnel. \u00c0 l&rsquo;aide d&rsquo;outils (psychographiques, entretiens,&#8230;), nous formulons des recommandations g\u00e9n\u00e9rales et individuelles sur l&rsquo;ad\u00e9quation du capital humain aux d\u00e9fis du march\u00e9.[\/vc_column_text][\/vc_column][vc_column width=\u00a0\u00bb1\/2&Prime;][vc_single_image image=\u00a0\u00bb1097&Prime; img_size=\u00a0\u00bbfull\u00a0\u00bb alignment=\u00a0\u00bbcenter\u00a0\u00bb][\/vc_column][\/vc_row][vc_row][vc_column]<div class=\"ult-spacer spacer-69f36f3435d3d\" data-id=\"69f36f3435d3d\" data-height=\"60\" data-height-mobile=\"60\" data-height-tab=\"60\" data-height-tab-portrait=\"\" data-height-mobile-landscape=\"\" style=\"clear:both;display:block;\"><\/div>[\/vc_column][\/vc_row][vc_row full_width=\u00a0\u00bbstretch_row\u00a0\u00bb el_class=\u00a0\u00bbbanner-metodologia\u00a0\u00bb css=\u00a0\u00bb.vc_custom_1660821841100{background-color: #44597c !important;}\u00a0\u00bb][vc_column]<div class=\"ult-spacer spacer-69f36f3435d65\" data-id=\"69f36f3435d65\" data-height=\"32\" data-height-mobile=\"32\" data-height-tab=\"32\" data-height-tab-portrait=\"\" data-height-mobile-landscape=\"\" style=\"clear:both;display:block;\"><\/div>[vc_row_inner gap=\u00a0\u00bb35&Prime; el_class=\u00a0\u00bbsecondary-selection\u00a0\u00bb][vc_column_inner width=\u00a0\u00bb1\/2&Prime;][vc_custom_heading text=\u00a0\u00bbNous formons des professionnels comp\u00e9titifs.\u00a0\u00bb use_theme_fonts=\u00a0\u00bbyes\u00a0\u00bb el_class=\u00a0\u00bbcolor-blanco\u00a0\u00bb][\/vc_column_inner][vc_column_inner width=\u00a0\u00bb1\/2&Prime;][vc_column_text el_class=\u00a0\u00bbcolor-blanco\u00a0\u00bb]L&rsquo; Assesment CapKelenn est bas\u00e9 sur des \u00e9valuation et un retour d&rsquo;information progressif avec des rapports personnalis\u00e9s. Nous menons des entretiens personnalis\u00e9s et des tests d&rsquo;\u00e9valuation pour mesurer leur potentiel de performance dans de multiples environnements et situations de travail.[\/vc_column_text][\/vc_column_inner][\/vc_row_inner]<div class=\"ult-spacer spacer-69f36f3435d8b\" data-id=\"69f36f3435d8b\" data-height=\"32\" data-height-mobile=\"32\" data-height-tab=\"32\" data-height-tab-portrait=\"\" data-height-mobile-landscape=\"\" style=\"clear:both;display:block;\"><\/div>[\/vc_column][\/vc_row][vc_row full_width=\u00a0\u00bbstretch_row\u00a0\u00bb disable_element=\u00a0\u00bbyes\u00a0\u00bb el_class=\u00a0\u00bbborder-radius-left\u00a0\u00bb css=\u00a0\u00bb.vc_custom_1692191395306{background-color: #e7f7fa !important;}\u00a0\u00bb][vc_column]<div class=\"ult-spacer spacer-69f36f3435db1\" data-id=\"69f36f3435db1\" data-height=\"32\" data-height-mobile=\"32\" data-height-tab=\"32\" data-height-tab-portrait=\"\" data-height-mobile-landscape=\"\" style=\"clear:both;display:block;\"><\/div>[vc_row_inner][vc_column_inner][vc_custom_heading text=\u00a0\u00bbObjectifs\u00a0\u00bb font_container=\u00a0\u00bbtag:h2|text_align:center\u00a0\u00bb use_theme_fonts=\u00a0\u00bbyes\u00a0\u00bb el_class=\u00a0\u00bbprimary-color\u00a0\u00bb]<div class=\"ult-spacer spacer-69f36f3435ddb\" data-id=\"69f36f3435ddb\" data-height=\"30\" data-height-mobile=\"30\" data-height-tab=\"30\" data-height-tab-portrait=\"\" data-height-mobile-landscape=\"\" style=\"clear:both;display:block;\"><\/div>[vc_single_image image=\u00a0\u00bb43&Prime; img_size=\u00a0\u00bbfull\u00a0\u00bb alignment=\u00a0\u00bbcenter\u00a0\u00bb][\/vc_column_inner][\/vc_row_inner][\/vc_column][\/vc_row][vc_row full_width=\u00a0\u00bbstretch_row\u00a0\u00bb gap=\u00a0\u00bb35&Prime; disable_element=\u00a0\u00bbyes\u00a0\u00bb css=\u00a0\u00bb.vc_custom_1692191402512{background-color: #e7f7fa !important;}\u00a0\u00bb][vc_column width=\u00a0\u00bb1\/2&Prime;][vc_single_image image=\u00a0\u00bb1098&Prime; img_size=\u00a0\u00bbfull\u00a0\u00bb][\/vc_column][vc_column width=\u00a0\u00bb1\/2&Prime;][vc_column_text]Notre raison d&rsquo;\u00eatre est de proposer notre expertise Capkelenn, nos outils et ressources pour d\u00e9finir des cartographies de comp\u00e9tences, adapter le profil du capital humain, d\u00e9tecter les talents potentiels, \u00e9valuer et r\u00e9aliser une refonte organisationnelle.[\/vc_column_text][vc_row_inner][vc_column_inner width=\u00a0\u00bb1\/2&Prime;][vc_separator color=\u00a0\u00bbcustom\u00a0\u00bb align=\u00a0\u00bbalign_left\u00a0\u00bb border_width=\u00a0\u00bb5&Prime; el_width=\u00a0\u00bb40&Prime; accent_color=\u00a0\u00bb#26b3cd\u00a0\u00bb][vc_column_text el_class=\u00a0\u00bbprimary-color\u00a0\u00bb]<strong>D\u00e9tection de talents potentiels et de comp\u00e9tences en management<\/strong>[\/vc_column_text][vc_separator color=\u00a0\u00bbcustom\u00a0\u00bb align=\u00a0\u00bbalign_left\u00a0\u00bb border_width=\u00a0\u00bb5&Prime; el_width=\u00a0\u00bb40&Prime; accent_color=\u00a0\u00bb#26b3cd\u00a0\u00bb][vc_column_text el_class=\u00a0\u00bbprimary-color\u00a0\u00bb]<strong>Plongez dans la dynamique de l\u2019\u00e9quipe de direction<\/strong>[\/vc_column_text][\/vc_column_inner][vc_column_inner width=\u00a0\u00bb1\/2&Prime;][vc_separator color=\u00a0\u00bbcustom\u00a0\u00bb align=\u00a0\u00bbalign_left\u00a0\u00bb border_width=\u00a0\u00bb5&Prime; el_width=\u00a0\u00bb40&Prime; accent_color=\u00a0\u00bb#26b3cd\u00a0\u00bb][vc_column_text el_class=\u00a0\u00bbprimary-color\u00a0\u00bb]<strong>Planifier le parcours professionnel de l&rsquo;\u00e9quipe de direction<\/strong>[\/vc_column_text][vc_separator color=\u00a0\u00bbcustom\u00a0\u00bb align=\u00a0\u00bbalign_left\u00a0\u00bb border_width=\u00a0\u00bb5&Prime; el_width=\u00a0\u00bb40&Prime; accent_color=\u00a0\u00bb#26b3cd\u00a0\u00bb][vc_column_text el_class=\u00a0\u00bbprimary-color\u00a0\u00bb]<strong>\u00c9valuation et refonte organisationnelle<\/strong>[\/vc_column_text][\/vc_column_inner][\/vc_row_inner][\/vc_column][\/vc_row][vc_row][vc_column]<div class=\"ult-spacer spacer-69f36f3435dff\" data-id=\"69f36f3435dff\" data-height=\"60\" data-height-mobile=\"60\" data-height-tab=\"60\" data-height-tab-portrait=\"\" data-height-mobile-landscape=\"\" style=\"clear:both;display:block;\"><\/div>[vc_row_inner][vc_column_inner width=\u00a0\u00bb1\/6&Prime;][\/vc_column_inner][vc_column_inner width=\u00a0\u00bb2\/3&Prime;][vc_custom_heading text=\u00a0\u00bbQu\u2019allez vous recevoir avec nos sessions de assessment?\u00a0\u00bb font_container=\u00a0\u00bbtag:h2|text_align:center\u00a0\u00bb use_theme_fonts=\u00a0\u00bbyes\u00a0\u00bb el_class=\u00a0\u00bbprimary-color\u00a0\u00bb]<div class=\"ult-spacer spacer-69f36f3435e26\" data-id=\"69f36f3435e26\" data-height=\"30\" data-height-mobile=\"30\" data-height-tab=\"30\" data-height-tab-portrait=\"\" data-height-mobile-landscape=\"\" style=\"clear:both;display:block;\"><\/div>[vc_single_image image=\u00a0\u00bb43&Prime; img_size=\u00a0\u00bbfull\u00a0\u00bb alignment=\u00a0\u00bbcenter\u00a0\u00bb][\/vc_column_inner][vc_column_inner width=\u00a0\u00bb1\/6&Prime;][\/vc_column_inner][\/vc_row_inner][\/vc_column][\/vc_row][vc_row full_width=\u00a0\u00bbstretch_row\u00a0\u00bb el_class=\u00a0\u00bbborder-radius-right display-none-mobile\u00a0\u00bb][vc_column][vc_row_inner][vc_column_inner width=\u00a0\u00bb1\/2&Prime;]<div class=\"smile_icon_list_wrap ult_info_list_container ult-adjust-bottom-margin  \"><ul class=\"smile_icon_list left square with_bg\"><li class=\"icon_list_item\" style=\" font-size:90px;\"><div class=\"icon_list_icon\" data-animation=\"\" data-animation-delay=\"03\" style=\"font-size:30px;border-width:1px;border-style:none;background:rgba(255,255,255,0.01);color:;border-color:#333333;\"><img decoding=\"async\" class=\"list-img-icon\" alt=\"null\" src=\"https:\/\/www.capkelenn.com\/wp-content\/uploads\/2022\/07\/conector.png\"\/><\/div><div class=\"icon_description\" id=\"Info-list-wrap-1612\" style=\"font-size:30px;\"><div class=\"icon_description_text ult-responsive\"  data-ultimate-target='#Info-list-wrap-1612 .icon_description_text'  data-responsive-json-new='{\"font-size\":\"desktop:13px;\",\"line-height\":\"desktop:18px;\"}'  style=\"\"><p><strong> Mod\u00e8le de comp\u00e9tences<\/strong><\/p>\n<p>Analyse de la situation de l&rsquo;entreprise et d\u00e9finition des objectifs de comp\u00e9tences<\/p>\n<\/div><\/div><div class=\"icon_list_connector\"  style=\"border-right-width: 5px;border-right-style: solid;border-color: #26b3cd;left: 43.5px;\"><\/div><\/li><li class=\"icon_list_item\" style=\" font-size:90px;\"><div class=\"icon_list_icon\" data-animation=\"\" data-animation-delay=\"03\" style=\"font-size:30px;border-width:1px;border-style:none;background:rgba(255,255,255,0.01);color:;border-color:#333333;\"><img decoding=\"async\" class=\"list-img-icon\" alt=\"null\" src=\"https:\/\/www.capkelenn.com\/wp-content\/uploads\/2022\/07\/conector.png\"\/><\/div><div class=\"icon_description\" id=\"Info-list-wrap-2832\" style=\"font-size:30px;\"><div class=\"icon_description_text ult-responsive\"  data-ultimate-target='#Info-list-wrap-2832 .icon_description_text'  data-responsive-json-new='{\"font-size\":\"desktop:13px;\",\"line-height\":\"desktop:18px;\"}'  style=\"\"><p><strong>D\u00e9finition des profils professionnels<\/strong><\/p>\n<p>Etude des profils existants et d\u00e9finition selon des cadres de r\u00e9f\u00e9rence Identification de l&rsquo;alignement de l&rsquo;entreprise<\/p>\n<\/div><\/div><div class=\"icon_list_connector\"  style=\"border-right-width: 5px;border-right-style: solid;border-color: #26b3cd;left: 43.5px;\"><\/div><\/li><li class=\"icon_list_item\" style=\" font-size:90px;\"><div class=\"icon_list_icon\" data-animation=\"\" data-animation-delay=\"03\" style=\"font-size:30px;border-width:1px;border-style:none;background:rgba(255,255,255,0.01);color:;border-color:#333333;\"><img decoding=\"async\" class=\"list-img-icon\" alt=\"null\" src=\"https:\/\/www.capkelenn.com\/wp-content\/uploads\/2022\/07\/conector.png\"\/><\/div><div class=\"icon_description\" id=\"Info-list-wrap-8549\" style=\"font-size:30px;\"><div class=\"icon_description_text ult-responsive\"  data-ultimate-target='#Info-list-wrap-8549 .icon_description_text'  data-responsive-json-new='{\"font-size\":\"desktop:13px;\",\"line-height\":\"desktop:18px;\"}'  style=\"\"><p><strong>Identification de l\u2019alignement commercial<\/strong><\/p>\n<p>\u00c9valuation des relations entre les diff\u00e9rents niveaux organisationnels et proposition d&rsquo;ajustements<\/p>\n<\/div><\/div><div class=\"icon_list_connector\"  style=\"border-right-width: 5px;border-right-style: solid;border-color: #26b3cd;left: 43.5px;\"><\/div><\/li><\/ul><\/div>[\/vc_column_inner][vc_column_inner width=\u00a0\u00bb1\/2&Prime;]<div class=\"smile_icon_list_wrap ult_info_list_container ult-adjust-bottom-margin  \"><ul class=\"smile_icon_list left square with_bg\"><li class=\"icon_list_item\" style=\" font-size:90px;\"><div class=\"icon_list_icon\" data-animation=\"\" data-animation-delay=\"03\" style=\"font-size:30px;border-width:1px;border-style:none;background:rgba(255,255,255,0.01);color:;border-color:#333333;\"><img decoding=\"async\" class=\"list-img-icon\" alt=\"null\" src=\"https:\/\/www.capkelenn.com\/wp-content\/uploads\/2022\/07\/conector.png\"\/><\/div><div class=\"icon_description\" id=\"Info-list-wrap-1054\" style=\"font-size:30px;\"><div class=\"icon_description_text ult-responsive\"  data-ultimate-target='#Info-list-wrap-1054 .icon_description_text'  data-responsive-json-new='{\"font-size\":\"desktop:13px;\",\"line-height\":\"desktop:18px;\"}'  style=\"\"><p><strong>D\u00e9crire l&rsquo;organisation<\/strong><\/p>\n<p>Politiques et syst\u00e8mes Recherche d\u2019alignement individuel et collectif de l\u2019entreprise<\/p>\n<\/div><\/div><div class=\"icon_list_connector\"  style=\"border-right-width: 5px;border-right-style: solid;border-color: #26b3cd;left: 43.5px;\"><\/div><\/li><li class=\"icon_list_item\" style=\" font-size:90px;\"><div class=\"icon_list_icon\" data-animation=\"\" data-animation-delay=\"03\" style=\"font-size:30px;border-width:1px;border-style:none;background:rgba(255,255,255,0.01);color:;border-color:#333333;\"><img decoding=\"async\" class=\"list-img-icon\" alt=\"null\" src=\"https:\/\/www.capkelenn.com\/wp-content\/uploads\/2022\/07\/conector.png\"\/><\/div><div class=\"icon_description\" id=\"Info-list-wrap-6051\" style=\"font-size:30px;\"><div class=\"icon_description_text ult-responsive\"  data-ultimate-target='#Info-list-wrap-6051 .icon_description_text'  data-responsive-json-new='{\"font-size\":\"desktop:13px;\",\"line-height\":\"desktop:18px;\"}'  style=\"\"><p><strong>Bilan du parcours professionnel <\/strong><\/p>\n<p>Nous valorisons le talent et d\u00e9finissons un parcours professionnel au sein de l&rsquo;organisation<\/p>\n<\/div><\/div><div class=\"icon_list_connector\"  style=\"border-right-width: 5px;border-right-style: solid;border-color: #26b3cd;left: 43.5px;\"><\/div><\/li><li class=\"icon_list_item\" style=\" font-size:90px;\"><div class=\"icon_list_icon\" data-animation=\"\" data-animation-delay=\"03\" style=\"font-size:30px;border-width:1px;border-style:none;background:rgba(255,255,255,0.01);color:;border-color:#333333;\"><img decoding=\"async\" class=\"list-img-icon\" alt=\"null\" src=\"https:\/\/www.capkelenn.com\/wp-content\/uploads\/2022\/07\/conector.png\"\/><\/div><div class=\"icon_description\" id=\"Info-list-wrap-8519\" style=\"font-size:30px;\"><div class=\"icon_description_text ult-responsive\"  data-ultimate-target='#Info-list-wrap-8519 .icon_description_text'  data-responsive-json-new='{\"font-size\":\"desktop:13px;\",\"line-height\":\"desktop:18px;\"}'  style=\"\"><p><strong>Structure organisationnelle <\/strong><\/p>\n<p>S\u00e9lection du plan d&rsquo;organisation D\u00e9veloppement du mod\u00e8le de comp\u00e9tences pour atteindre les objectifs de l&rsquo;entreprise.<\/p>\n<\/div><\/div><div class=\"icon_list_connector\"  style=\"border-right-width: 5px;border-right-style: solid;border-color: #26b3cd;left: 43.5px;\"><\/div><\/li><\/ul><\/div>[\/vc_column_inner][\/vc_row_inner]<div class=\"ult-spacer spacer-69f36f3436556\" data-id=\"69f36f3436556\" data-height=\"64\" data-height-mobile=\"64\" data-height-tab=\"64\" data-height-tab-portrait=\"\" data-height-mobile-landscape=\"\" style=\"clear:both;display:block;\"><\/div>[\/vc_column][\/vc_row][vc_row full_width=\u00a0\u00bbstretch_row\u00a0\u00bb el_class=\u00a0\u00bbborder-radius-right display-none-desktop-mobile\u00a0\u00bb][vc_column][vc_row_inner][vc_column_inner]<div class=\"smile_icon_list_wrap ult_info_list_container ult-adjust-bottom-margin  \"><ul class=\"smile_icon_list left square with_bg\"><li class=\"icon_list_item\" style=\" font-size:90px;\"><div class=\"icon_list_icon\" data-animation=\"\" data-animation-delay=\"03\" style=\"font-size:30px;border-width:1px;border-style:none;background:rgba(255,255,255,0.01);color:;border-color:#333333;\"><img decoding=\"async\" class=\"list-img-icon\" alt=\"null\" src=\"https:\/\/www.capkelenn.com\/wp-content\/uploads\/2022\/07\/conector.png\"\/><\/div><div class=\"icon_description\" id=\"Info-list-wrap-9185\" style=\"font-size:30px;\"><div class=\"icon_description_text ult-responsive\"  data-ultimate-target='#Info-list-wrap-9185 .icon_description_text'  data-responsive-json-new='{\"font-size\":\"desktop:13px;\",\"line-height\":\"desktop:18px;\"}'  style=\"\"><p><strong><span class=\"cifra-destacada\">Modelo competencial<\/span><\/strong><br \/>\nAn\u00e1lisis del estado empresarial y planteamiento de objetivos competenciales.<\/p>\n<\/div><\/div><div class=\"icon_list_connector\"  style=\"border-right-width: 5px;border-right-style: solid;border-color: #26b3cd;left: 43.5px;\"><\/div><\/li><li class=\"icon_list_item\" style=\" font-size:90px;\"><div class=\"icon_list_icon\" data-animation=\"\" data-animation-delay=\"03\" style=\"font-size:30px;border-width:1px;border-style:none;background:rgba(255,255,255,0.01);color:;border-color:#333333;\"><img decoding=\"async\" class=\"list-img-icon\" alt=\"null\" src=\"https:\/\/www.capkelenn.com\/wp-content\/uploads\/2022\/07\/conector.png\"\/><\/div><div class=\"icon_description\" id=\"Info-list-wrap-1439\" style=\"font-size:30px;\"><div class=\"icon_description_text ult-responsive\"  data-ultimate-target='#Info-list-wrap-1439 .icon_description_text'  data-responsive-json-new='{\"font-size\":\"desktop:13px;\",\"line-height\":\"desktop:18px;\"}'  style=\"\"><p><strong><span class=\"cifra-destacada\">Defini\u00f3n de perfiles profesionales<\/span><\/strong><br \/>\nEstudio de los perfiles existentes y definici\u00f3n seg\u00fan marcos de referencia.<\/p>\n<\/div><\/div><div class=\"icon_list_connector\"  style=\"border-right-width: 5px;border-right-style: solid;border-color: #26b3cd;left: 43.5px;\"><\/div><\/li><li class=\"icon_list_item\" style=\" font-size:90px;\"><div class=\"icon_list_icon\" data-animation=\"\" data-animation-delay=\"03\" style=\"font-size:30px;border-width:1px;border-style:none;background:rgba(255,255,255,0.01);color:;border-color:#333333;\"><img decoding=\"async\" class=\"list-img-icon\" alt=\"null\" src=\"https:\/\/www.capkelenn.com\/wp-content\/uploads\/2022\/07\/conector.png\"\/><\/div><div class=\"icon_description\" id=\"Info-list-wrap-4632\" style=\"font-size:30px;\"><div class=\"icon_description_text ult-responsive\"  data-ultimate-target='#Info-list-wrap-4632 .icon_description_text'  data-responsive-json-new='{\"font-size\":\"desktop:13px;\",\"line-height\":\"desktop:18px;\"}'  style=\"\"><p><strong><span class=\"cifra-destacada\">Identificaci\u00f3n de concordancia empresarial<\/span><\/strong><br \/>\nValoraci\u00f3n de la relaci\u00f3n entre los diferentes niveles organizacionales y planteamiento de ajustes.<\/p>\n<\/div><\/div><div class=\"icon_list_connector\"  style=\"border-right-width: 5px;border-right-style: solid;border-color: #26b3cd;left: 43.5px;\"><\/div><\/li><li class=\"icon_list_item\" style=\" font-size:90px;\"><div class=\"icon_list_icon\" data-animation=\"\" data-animation-delay=\"03\" style=\"font-size:30px;border-width:1px;border-style:none;background:rgba(255,255,255,0.01);color:;border-color:#333333;\"><img decoding=\"async\" class=\"list-img-icon\" alt=\"null\" src=\"https:\/\/www.capkelenn.com\/wp-content\/uploads\/2022\/07\/conector.png\"\/><\/div><div class=\"icon_description\" id=\"Info-list-wrap-9806\" style=\"font-size:30px;\"><div class=\"icon_description_text ult-responsive\"  data-ultimate-target='#Info-list-wrap-9806 .icon_description_text'  data-responsive-json-new='{\"font-size\":\"desktop:13px;\",\"line-height\":\"desktop:18px;\"}'  style=\"\"><p><strong><span class=\"cifra-destacada\">Delimitaci\u00f3n de pol\u00edticas y sistemas organizacionales<\/span><\/strong><br \/>\nB\u00fasqueda de alineaci\u00f3n corporativa individual y colectiva.<\/p>\n<\/div><\/div><div class=\"icon_list_connector\"  style=\"border-right-width: 5px;border-right-style: solid;border-color: #26b3cd;left: 43.5px;\"><\/div><\/li><li class=\"icon_list_item\" style=\" font-size:90px;\"><div class=\"icon_list_icon\" data-animation=\"\" data-animation-delay=\"03\" style=\"font-size:30px;border-width:1px;border-style:none;background:rgba(255,255,255,0.01);color:;border-color:#333333;\"><img decoding=\"async\" class=\"list-img-icon\" alt=\"null\" src=\"https:\/\/www.capkelenn.com\/wp-content\/uploads\/2022\/07\/conector.png\"\/><\/div><div class=\"icon_description\" id=\"Info-list-wrap-2020\" style=\"font-size:30px;\"><div class=\"icon_description_text ult-responsive\"  data-ultimate-target='#Info-list-wrap-2020 .icon_description_text'  data-responsive-json-new='{\"font-size\":\"desktop:13px;\",\"line-height\":\"desktop:18px;\"}'  style=\"\"><p><strong><span class=\"cifra-destacada\">Evaluaci\u00f3n del recorrido profesional<\/span><\/strong><br \/>\nValoramos el talento y definimos una trayectoria profesional dentro de la estructura organizacional.<\/p>\n<\/div><\/div><div class=\"icon_list_connector\"  style=\"border-right-width: 5px;border-right-style: solid;border-color: #26b3cd;left: 43.5px;\"><\/div><\/li><li class=\"icon_list_item\" style=\" font-size:90px;\"><div class=\"icon_list_icon\" data-animation=\"\" data-animation-delay=\"03\" style=\"font-size:30px;border-width:1px;border-style:none;background:rgba(255,255,255,0.01);color:;border-color:#333333;\"><img decoding=\"async\" class=\"list-img-icon\" alt=\"null\" src=\"https:\/\/www.capkelenn.com\/wp-content\/uploads\/2022\/07\/conector.png\"\/><\/div><div class=\"icon_description\" id=\"Info-list-wrap-4138\" style=\"font-size:30px;\"><div class=\"icon_description_text ult-responsive\"  data-ultimate-target='#Info-list-wrap-4138 .icon_description_text'  data-responsive-json-new='{\"font-size\":\"desktop:13px;\",\"line-height\":\"desktop:18px;\"}'  style=\"\"><p><strong><span class=\"cifra-destacada\">Selecci\u00f3n del plan organizacional<\/span><\/strong><br \/>\nDesarrollo del modelo competencia para alcanzar objetivos empresariales.<\/p>\n<\/div><\/div><div class=\"icon_list_connector\"  style=\"border-right-width: 5px;border-right-style: solid;border-color: #26b3cd;left: 43.5px;\"><\/div><\/li><\/ul><\/div>[\/vc_column_inner][\/vc_row_inner]<div class=\"ult-spacer spacer-69f36f3436778\" data-id=\"69f36f3436778\" data-height=\"64\" data-height-mobile=\"64\" data-height-tab=\"64\" data-height-tab-portrait=\"\" data-height-mobile-landscape=\"\" style=\"clear:both;display:block;\"><\/div>[\/vc_column][\/vc_row][vc_row full_width=\u00a0\u00bbstretch_row\u00a0\u00bb el_class=\u00a0\u00bbborder-radius-left\u00a0\u00bb css=\u00a0\u00bb.vc_custom_1661170870840{background-color: #e7f7fa !important;}\u00a0\u00bb][vc_column]<div class=\"ult-spacer spacer-69f36f343678b\" data-id=\"69f36f343678b\" data-height=\"60\" data-height-mobile=\"60\" data-height-tab=\"60\" data-height-tab-portrait=\"\" data-height-mobile-landscape=\"\" style=\"clear:both;display:block;\"><\/div>[vc_row_inner disable_element=\u00a0\u00bbyes\u00a0\u00bb][vc_column_inner width=\u00a0\u00bb1\/6&Prime;][\/vc_column_inner][vc_column_inner width=\u00a0\u00bb2\/3&Prime;][vc_custom_heading text=\u00a0\u00bbT\u00e9moignages et exp\u00e9riences\u00a0\u00bb font_container=\u00a0\u00bbtag:h2|text_align:center\u00a0\u00bb use_theme_fonts=\u00a0\u00bbyes\u00a0\u00bb el_class=\u00a0\u00bbprimary-color\u00a0\u00bb]<div class=\"ult-spacer spacer-69f36f343679d\" data-id=\"69f36f343679d\" data-height=\"30\" data-height-mobile=\"30\" data-height-tab=\"30\" data-height-tab-portrait=\"\" data-height-mobile-landscape=\"\" style=\"clear:both;display:block;\"><\/div>[vc_single_image image=\u00a0\u00bb43&Prime; img_size=\u00a0\u00bbfull\u00a0\u00bb alignment=\u00a0\u00bbcenter\u00a0\u00bb][vc_column_text el_class=\u00a0\u00bbprimary-color texto-22px\u00a0\u00bb]<\/p>\n<p style=\"text-align: center;\"><strong>\u00a0 \u00a0 <span class=\"Y2IQFc\" lang=\"fr\">Que disent les professionnels certifi\u00e9s ?<\/span><\/strong><\/p>\n<p>[\/vc_column_text][\/vc_column_inner][vc_column_inner width=\u00a0\u00bb1\/6&Prime;][\/vc_column_inner][\/vc_row_inner][\/vc_column][\/vc_row][vc_row full_width=\u00a0\u00bbstretch_row_content\u00a0\u00bb disable_element=\u00a0\u00bbyes\u00a0\u00bb el_class=\u00a0\u00bbfila-slider-entradas\u00a0\u00bb css=\u00a0\u00bb.vc_custom_1686061041840{background-color: #e7f7fa !important;}\u00a0\u00bb][vc_column width=\u00a0\u00bb1\/6&Prime;][\/vc_column][vc_column width=\u00a0\u00bb5\/6&Prime; el_class=\u00a0\u00bbslider-testimonios slider-testimonios-azul\u00a0\u00bb][vc_row_inner][vc_column_inner][vc_column_text el_class=\u00a0\u00bbtexto-testimonio\u00a0\u00bb]<strong>He aplicado el m\u00e9todo al 100%. Los compromisos han sido superiores a mis expectativas.<\/strong>[\/vc_column_text][vc_column_text]Nombre y cargo[\/vc_column_text][\/vc_column_inner][\/vc_row_inner][vc_row_inner][vc_column_inner][vc_column_text el_class=\u00a0\u00bbtexto-testimonio\u00a0\u00bb]<strong>He aplicado el m\u00e9todo al 100%. Los compromisos han sido superiores a mis expectativas.<\/strong>[\/vc_column_text][vc_column_text]Nombre y cargo[\/vc_column_text][\/vc_column_inner][\/vc_row_inner][vc_row_inner][vc_column_inner][vc_column_text el_class=\u00a0\u00bbtexto-testimonio\u00a0\u00bb]<strong>He aplicado el m\u00e9todo al 100%. Los compromisos han sido superiores a mis expectativas.<\/strong>[\/vc_column_text][vc_column_text]Nombre y cargo[\/vc_column_text][\/vc_column_inner][\/vc_row_inner][vc_row_inner][vc_column_inner][vc_column_text el_class=\u00a0\u00bbtexto-testimonio\u00a0\u00bb]<strong>He aplicado el m\u00e9todo al 100%. Los compromisos han sido superiores a mis expectativas.<\/strong>[\/vc_column_text][vc_column_text]Nombre y cargo[\/vc_column_text][\/vc_column_inner][\/vc_row_inner][vc_row_inner][vc_column_inner][vc_column_text el_class=\u00a0\u00bbtexto-testimonio\u00a0\u00bb]<strong>He aplicado el m\u00e9todo al 100%. Los compromisos han sido superiores a mis expectativas.<\/strong>[\/vc_column_text][vc_column_text]Nombre y cargo[\/vc_column_text][\/vc_column_inner][\/vc_row_inner][vc_row_inner][vc_column_inner][vc_column_text el_class=\u00a0\u00bbtexto-testimonio\u00a0\u00bb]<strong>He aplicado el m\u00e9todo al 100%. Los compromisos han sido superiores a mis expectativas.<\/strong>[\/vc_column_text][vc_column_text]Nombre y cargo[\/vc_column_text][\/vc_column_inner][\/vc_row_inner][vc_row_inner][vc_column_inner][vc_column_text el_class=\u00a0\u00bbtexto-testimonio\u00a0\u00bb]<strong>Da gusto saber que la empresa va en esta direcci\u00f3n.<\/strong>[\/vc_column_text][vc_column_text]Nombre y cargo[\/vc_column_text][\/vc_column_inner][\/vc_row_inner][vc_row_inner][vc_column_inner][vc_column_text el_class=\u00a0\u00bbtexto-testimonio\u00a0\u00bb]<strong>\u00a1Vuelvo a trabajar a placer! \u00a1Qu\u00e9 gozada!<\/strong>[\/vc_column_text][vc_column_text]Nombre y cargo[\/vc_column_text][\/vc_column_inner][\/vc_row_inner][vc_row_inner][vc_column_inner][vc_column_text el_class=\u00a0\u00bbtexto-testimonio\u00a0\u00bb]<strong>\u00a1Vuelvo a trabajar a placer! \u00a1Qu\u00e9 gozada!<\/strong>[\/vc_column_text][vc_column_text]Nombre y cargo[\/vc_column_text][\/vc_column_inner][\/vc_row_inner][\/vc_column][\/vc_row][vc_row full_width=\u00a0\u00bbstretch_row\u00a0\u00bb disable_element=\u00a0\u00bbyes\u00a0\u00bb css=\u00a0\u00bb.vc_custom_1686061095857{background-color: #e7f7fa !important;}\u00a0\u00bb][vc_column]<div class=\"ult-spacer spacer-69f36f34367ae\" data-id=\"69f36f34367ae\" data-height=\"60\" data-height-mobile=\"60\" data-height-tab=\"60\" data-height-tab-portrait=\"\" data-height-mobile-landscape=\"\" style=\"clear:both;display:block;\"><\/div>[\/vc_column][\/vc_row][vc_row full_width=\u00a0\u00bbstretch_row\u00a0\u00bb disable_element=\u00a0\u00bbyes\u00a0\u00bb css=\u00a0\u00bb.vc_custom_1686050910866{background-color: #44597c !important;}\u00a0\u00bb el_class=\u00a0\u00bbsecondary-selection\u00a0\u00bb][vc_column]<div class=\"ult-spacer spacer-69f36f34367be\" data-id=\"69f36f34367be\" data-height=\"30\" data-height-mobile=\"30\" data-height-tab=\"30\" data-height-tab-portrait=\"\" data-height-mobile-landscape=\"\" style=\"clear:both;display:block;\"><\/div>[vc_column_text el_class=\u00a0\u00bbtexto-22px color-blanco\u00a0\u00bb]<\/p>\n<p style=\"text-align: center;\">Lorem ipsum dolor sit amet, consetetur sadipscing elitr, sed diam nonumy eirmod tempor invidunt ut labore et dolore magna aliquyam erat, sed diam<\/p>\n<p>[\/vc_column_text]<div class=\"ult-spacer spacer-69f36f34367cd\" data-id=\"69f36f34367cd\" data-height=\"30\" data-height-mobile=\"30\" data-height-tab=\"30\" data-height-tab-portrait=\"\" data-height-mobile-landscape=\"\" style=\"clear:both;display:block;\"><\/div>[\/vc_column][\/vc_row][vc_row full_width=\u00a0\u00bbstretch_row\u00a0\u00bb css=\u00a0\u00bb.vc_custom_1661170952604{background-color: #e7f7fa !important;}\u00a0\u00bb][vc_column]<div class=\"ult-spacer spacer-69f36f34367dd\" data-id=\"69f36f34367dd\" data-height=\"0\" data-height-mobile=\"0\" data-height-tab=\"0\" data-height-tab-portrait=\"\" data-height-mobile-landscape=\"\" style=\"clear:both;display:block;\"><\/div>[vc_single_image image=\u00a0\u00bb662&Prime; img_size=\u00a0\u00bbfull\u00a0\u00bb alignment=\u00a0\u00bbcenter\u00a0\u00bb]<div class=\"ult-spacer spacer-69f36f34367ec\" data-id=\"69f36f34367ec\" data-height=\"350\" data-height-mobile=\"350\" data-height-tab=\"350\" data-height-tab-portrait=\"\" data-height-mobile-landscape=\"\" style=\"clear:both;display:block;\"><\/div>[\/vc_column][\/vc_row][vc_row full_width=\u00a0\u00bbstretch_row\u00a0\u00bb gap=\u00a0\u00bb35&Prime; css=\u00a0\u00bb.vc_custom_1662972577735{background-color: #ffffff !important;}\u00a0\u00bb el_class=\u00a0\u00bbborder-radius-right-peque fila-contacta\u00a0\u00bb el_id=\u00a0\u00bbcontacto\u00a0\u00bb][vc_column width=\u00a0\u00bb1\/2&Prime;][vc_custom_heading text=\u00a0\u00bbComment pouvons-nous<br \/>\nvous aider?\u00a0\u00bb use_theme_fonts=\u00a0\u00bbyes\u00a0\u00bb el_class=\u00a0\u00bbprimary-color texto-56px\u00a0\u00bb css=\u00a0\u00bb.vc_custom_1694696163762{margin-bottom: 10px !important;}\u00a0\u00bb][vc_column_text]Si vous souhaitez vivre l&rsquo;exp\u00e9rience CapKelenn<\/p>\n<p>Contactez-nous d\u00e8s maintenant et partagez avec nous vos principaux d\u00e9fis ![\/vc_column_text][vc_column_text]<span style=\"color: #44597c;\"><strong><a style=\"color: #44597c;\" href=\"mailto:info@capkelenn.com\">info@capkelenn.com<\/a><\/strong><\/span><\/p>\n<p><a href=\"tel:+330629058828\"><span style=\"color: #44597c;\"><b>+33 06 29 05 88 28<\/b><\/span><\/a>[\/vc_column_text][\/vc_column][vc_column width=\u00a0\u00bb1\/2&Prime;]<div role=\"form\" class=\"wpcf7\" id=\"wpcf7-f2159-o1\" lang=\"fr-FR\" dir=\"ltr\">\n<div class=\"screen-reader-response\"><p role=\"status\" aria-live=\"polite\" aria-atomic=\"true\"><\/p> <ul><\/ul><\/div>\n<form action=\"\/fr\/wp-json\/wp\/v2\/pages\/1985#wpcf7-f2159-o1\" method=\"post\" class=\"wpcf7-form init mailchimp-ext-0.5.69\" novalidate=\"novalidate\" data-status=\"init\">\n<div style=\"display: none;\">\n<input type=\"hidden\" name=\"_wpcf7\" value=\"2159\" \/>\n<input type=\"hidden\" name=\"_wpcf7_version\" value=\"5.5.6.1\" \/>\n<input type=\"hidden\" name=\"_wpcf7_locale\" value=\"fr_FR\" \/>\n<input type=\"hidden\" name=\"_wpcf7_unit_tag\" value=\"wpcf7-f2159-o1\" \/>\n<input type=\"hidden\" name=\"_wpcf7_container_post\" value=\"0\" \/>\n<input type=\"hidden\" name=\"_wpcf7_posted_data_hash\" value=\"\" \/>\n<input type=\"hidden\" name=\"_wpcf7_recaptcha_response\" value=\"\" \/>\n<\/div>\n<div style=\"\" class=\"vc_col-sm-6 form-margin-top\"><span class=\"wpcf7-form-control-wrap nombre\"><input type=\"text\" name=\"nombre\" value=\"\" size=\"40\" class=\"wpcf7-form-control wpcf7-text wpcf7-validates-as-required\" aria-required=\"true\" aria-invalid=\"false\" placeholder=\"*Nom\" \/><\/span><\/div>\n<div style=\"\" class=\"vc_col-sm-6 form-margin-top\"><span class=\"wpcf7-form-control-wrap apellido\"><input type=\"text\" name=\"apellido\" value=\"\" size=\"40\" class=\"wpcf7-form-control wpcf7-text wpcf7-validates-as-required\" aria-required=\"true\" aria-invalid=\"false\" placeholder=\"*Pr\u00e9nom\" \/><\/span><\/div>\n<div style=\"\" class=\"vc_col-sm-12 form-margin-top\"><span class=\"wpcf7-form-control-wrap email-416\"><input type=\"email\" name=\"email-416\" value=\"\" size=\"40\" class=\"wpcf7-form-control wpcf7-text wpcf7-email wpcf7-validates-as-required wpcf7-validates-as-email\" aria-required=\"true\" aria-invalid=\"false\" placeholder=\"*Email\" \/><\/span><\/div>\n<div class=\"vc_col-sm-12 form-margin-top\"><span class=\"wpcf7-form-control-wrap telephone\"><input type=\"tel\" name=\"telephone\" value=\"\" size=\"40\" class=\"wpcf7-form-control wpcf7-text wpcf7-tel wpcf7-validates-as-tel\" id=\"telephone\" aria-invalid=\"false\" placeholder=\"T\u00e9l\u00e9phone\" \/><\/span><\/div>\n<div style=\"\" class=\"vc_col-sm-12 form-margin-top\"><span class=\"wpcf7-form-control-wrap mensaje\"><textarea name=\"mensaje\" cols=\"40\" rows=\"10\" class=\"wpcf7-form-control wpcf7-textarea\" aria-invalid=\"false\" placeholder=\"Message\"><\/textarea><\/span><\/div>\n<div style=\"\" class=\"vc_col-sm-12 form-margin-top contenedor-boton-recaptcha\">\n<div class=\"vc_col-sm-6\">\n<div class=\"vo_col-sm-6\">\n            <label class=\"politica-privacidad\"><span class=\"wpcf7-form-control-wrap politica\"><span class=\"wpcf7-form-control wpcf7-checkbox wpcf7-validates-as-required\"><span class=\"wpcf7-list-item first last\"><input type=\"checkbox\" name=\"politica[]\" value=\"\" \/><span class=\"wpcf7-list-item-label\"><\/span><\/span><\/span><\/span><span>J'ai lu et j'accepte la <a href=\"https:\/\/www.capkelenn.com\/politica-privacidad\/\">Politique de Confidentialit\u00e9<\/a><\/span><\/label>\n        <\/div>\n<div class=\"vo_col-sm-6\">\n<span class=\"wpcf7-form-control-wrap recaptcha\" data-name=\"recaptcha\"><span data-sitekey=\"6LegTa4nAAAAAL8sXsADcf7sdhZseVmGSR3MMBYD\" class=\"wpcf7-form-control g-recaptcha wpcf7-recaptcha\"><\/span>\r\n<noscript>\r\n\t<div class=\"grecaptcha-noscript\">\r\n\t\t<iframe loading=\"lazy\" src=\"https:\/\/www.google.com\/recaptcha\/api\/fallback?k=6LegTa4nAAAAAL8sXsADcf7sdhZseVmGSR3MMBYD\" frameborder=\"0\" scrolling=\"no\" width=\"310\" height=\"430\">\r\n\t\t<\/iframe>\r\n\t\t<textarea name=\"g-recaptcha-response\" rows=\"3\" cols=\"40\" placeholder=\"reCaptcha Response Here\">\r\n\t\t<\/textarea>\r\n\t<\/div>\r\n<\/noscript>\r\n<\/span>\n<\/div>\n<\/div>\n<div class=\"vc_col-sm-6 fila-enviar\">\n        <input type=\"submit\" value=\"Envoyer\" class=\"wpcf7-form-control has-spinner wpcf7-submit\" \/>\n    <\/div>\n<\/div>\n<div class=\"wpcf7-response-output\" aria-hidden=\"true\"><\/div><p style=\"display: none !important\"><span class=\"wpcf7-form-control-wrap referer-page\"><input type=\"hidden\" name=\"referer-page\" value=\"http:\/\/Direct%20Visit\" data-value=\"http:\/\/Direct%20Visit\" class=\"wpcf7-form-control wpcf7-text referer-page\" aria-invalid=\"false\"><\/span><\/p>\n<!-- Chimpmatic extension by Renzo Johnson --><\/form><\/div>[\/vc_column][\/vc_row][vc_row][vc_column]<div class=\"ult-spacer spacer-69f36f3437708\" data-id=\"69f36f3437708\" data-height=\"60\" data-height-mobile=\"60\" data-height-tab=\"60\" data-height-tab-portrait=\"\" data-height-mobile-landscape=\"\" style=\"clear:both;display:block;\"><\/div>[\/vc_column][\/vc_row]<\/p>\n","protected":false},"excerpt":{"rendered":"<p>[vc_row][vc_column][\/vc_column][\/vc_row][vc_row][vc_column][vc_row_inner][vc_column_inner width=\u00a0\u00bb1\/6&Prime;][\/vc_column_inner][vc_column_inner width=\u00a0\u00bb2\/3&Prime;][vc_custom_heading text=\u00a0\u00bbAnalyse de march\u00e9, Qu&rsquo;est-ce que cela implique ?\u00a0\u00bb font_container=\u00a0\u00bbtag:h2|text_align:center\u00a0\u00bb use_theme_fonts=\u00a0\u00bbyes\u00a0\u00bb el_class=\u00a0\u00bbprimary-color\u00a0\u00bb][\/vc_column_inner][vc_column_inner width=\u00a0\u00bb1\/6&Prime;][\/vc_column_inner][\/vc_row_inner][\/vc_column][\/vc_row][vc_row gap=\u00a0\u00bb35&Prime; equal_height=\u00a0\u00bbyes\u00a0\u00bb el_class=\u00a0\u00bbfila-consiste\u00a0\u00bb][vc_column width=\u00a0\u00bb1\/2&Prime;][vc_column_text]Nous remettons aux organisations une \u00e9valuation professionnelle de leur personnel. \u00c0 l&rsquo;aide d&rsquo;outils (psychographiques, entretiens,&#8230;), nous formulons des recommandations g\u00e9n\u00e9rales et individuelles sur l&rsquo;ad\u00e9quation du capital humain aux d\u00e9fis du march\u00e9.[\/vc_column_text][\/vc_column][vc_column width=\u00a0\u00bb1\/2&Prime;][vc_single_image image=\u00a0\u00bb1097&Prime; img_size=\u00a0\u00bbfull\u00a0\u00bb alignment=\u00a0\u00bbcenter\u00a0\u00bb][\/vc_column][\/vc_row][vc_row][vc_column][\/vc_column][\/vc_row][vc_row full_width=\u00a0\u00bbstretch_row\u00a0\u00bb el_class=\u00a0\u00bbbanner-metodologia\u00a0\u00bb [&hellip;]<\/p>\n","protected":false},"author":2,"featured_media":0,"parent":0,"menu_order":0,"comment_status":"closed","ping_status":"closed","template":"","meta":{"footnotes":""},"class_list":["post-1985","page","type-page","status-publish","hentry"],"yoast_head":"<!-- This site is optimized with the Yoast SEO plugin v22.7 - https:\/\/yoast.com\/wordpress\/plugins\/seo\/ -->\n<title>Assessment Services en Coaching Commercial | CapKelenn<\/title>\n<meta name=\"description\" content=\"Les services d&#039;assessment de CapKelenn d\u00e9veloppent des talents via \u00e9valuation, feedbacks et rapports personnalis\u00e9s.\" \/>\n<meta name=\"robots\" content=\"index, follow, max-snippet:-1, max-image-preview:large, max-video-preview:-1\" \/>\n<link rel=\"canonical\" href=\"https:\/\/www.capkelenn.com\/?page_id=426\" \/>\n<meta property=\"og:locale\" content=\"fr_FR\" \/>\n<meta property=\"og:type\" content=\"article\" \/>\n<meta property=\"og:title\" content=\"Assessment Services en Coaching Commercial | CapKelenn\" \/>\n<meta property=\"og:description\" content=\"Les services d&#039;assessment de CapKelenn d\u00e9veloppent des talents via \u00e9valuation, feedbacks et rapports personnalis\u00e9s.\" \/>\n<meta property=\"og:url\" content=\"https:\/\/www.capkelenn.com\/?page_id=426\" \/>\n<meta property=\"og:site_name\" content=\"CapKelenn\" \/>\n<meta property=\"article:modified_time\" content=\"2026-01-15T09:30:50+00:00\" \/>\n<meta name=\"twitter:card\" content=\"summary_large_image\" \/>\n<meta name=\"twitter:label1\" content=\"Dur\u00e9e de lecture estim\u00e9e\" \/>\n\t<meta name=\"twitter:data1\" content=\"5 minutes\" \/>\n<script type=\"application\/ld+json\" class=\"yoast-schema-graph\">{\"@context\":\"https:\/\/schema.org\",\"@graph\":[{\"@type\":\"WebPage\",\"@id\":\"https:\/\/www.capkelenn.com\/?page_id=426\",\"url\":\"https:\/\/www.capkelenn.com\/?page_id=426\",\"name\":\"Assessment Services en Coaching Commercial | CapKelenn\",\"isPartOf\":{\"@id\":\"https:\/\/www.capkelenn.com\/#website\"},\"datePublished\":\"2022-09-12T09:17:44+00:00\",\"dateModified\":\"2026-01-15T09:30:50+00:00\",\"description\":\"Les services d'assessment de CapKelenn d\u00e9veloppent des talents via \u00e9valuation, feedbacks et rapports personnalis\u00e9s.\",\"breadcrumb\":{\"@id\":\"https:\/\/www.capkelenn.com\/?page_id=426#breadcrumb\"},\"inLanguage\":\"fr-FR\",\"potentialAction\":[{\"@type\":\"ReadAction\",\"target\":[\"https:\/\/www.capkelenn.com\/?page_id=426\"]}]},{\"@type\":\"BreadcrumbList\",\"@id\":\"https:\/\/www.capkelenn.com\/?page_id=426#breadcrumb\",\"itemListElement\":[{\"@type\":\"ListItem\",\"position\":1,\"name\":\"Portada\",\"item\":\"https:\/\/www.capkelenn.com\/fr\/\"},{\"@type\":\"ListItem\",\"position\":2,\"name\":\"Assessment\"}]},{\"@type\":\"WebSite\",\"@id\":\"https:\/\/www.capkelenn.com\/#website\",\"url\":\"https:\/\/www.capkelenn.com\/\",\"name\":\"CapKelenn\",\"description\":\"CapKelenn\",\"potentialAction\":[{\"@type\":\"SearchAction\",\"target\":{\"@type\":\"EntryPoint\",\"urlTemplate\":\"https:\/\/www.capkelenn.com\/?s={search_term_string}\"},\"query-input\":\"required name=search_term_string\"}],\"inLanguage\":\"fr-FR\"}]}<\/script>\n<!-- \/ Yoast SEO plugin. -->","yoast_head_json":{"title":"Assessment Services en Coaching Commercial | CapKelenn","description":"Les services d'assessment de CapKelenn d\u00e9veloppent des talents via \u00e9valuation, feedbacks et rapports personnalis\u00e9s.","robots":{"index":"index","follow":"follow","max-snippet":"max-snippet:-1","max-image-preview":"max-image-preview:large","max-video-preview":"max-video-preview:-1"},"canonical":"https:\/\/www.capkelenn.com\/?page_id=426","og_locale":"fr_FR","og_type":"article","og_title":"Assessment Services en Coaching Commercial | CapKelenn","og_description":"Les services d'assessment de CapKelenn d\u00e9veloppent des talents via \u00e9valuation, feedbacks et rapports personnalis\u00e9s.","og_url":"https:\/\/www.capkelenn.com\/?page_id=426","og_site_name":"CapKelenn","article_modified_time":"2026-01-15T09:30:50+00:00","twitter_card":"summary_large_image","twitter_misc":{"Dur\u00e9e de lecture estim\u00e9e":"5 minutes"},"schema":{"@context":"https:\/\/schema.org","@graph":[{"@type":"WebPage","@id":"https:\/\/www.capkelenn.com\/?page_id=426","url":"https:\/\/www.capkelenn.com\/?page_id=426","name":"Assessment Services en Coaching Commercial | CapKelenn","isPartOf":{"@id":"https:\/\/www.capkelenn.com\/#website"},"datePublished":"2022-09-12T09:17:44+00:00","dateModified":"2026-01-15T09:30:50+00:00","description":"Les services d'assessment de CapKelenn d\u00e9veloppent des talents via \u00e9valuation, feedbacks et rapports personnalis\u00e9s.","breadcrumb":{"@id":"https:\/\/www.capkelenn.com\/?page_id=426#breadcrumb"},"inLanguage":"fr-FR","potentialAction":[{"@type":"ReadAction","target":["https:\/\/www.capkelenn.com\/?page_id=426"]}]},{"@type":"BreadcrumbList","@id":"https:\/\/www.capkelenn.com\/?page_id=426#breadcrumb","itemListElement":[{"@type":"ListItem","position":1,"name":"Portada","item":"https:\/\/www.capkelenn.com\/fr\/"},{"@type":"ListItem","position":2,"name":"Assessment"}]},{"@type":"WebSite","@id":"https:\/\/www.capkelenn.com\/#website","url":"https:\/\/www.capkelenn.com\/","name":"CapKelenn","description":"CapKelenn","potentialAction":[{"@type":"SearchAction","target":{"@type":"EntryPoint","urlTemplate":"https:\/\/www.capkelenn.com\/?s={search_term_string}"},"query-input":"required name=search_term_string"}],"inLanguage":"fr-FR"}]}},"_links":{"self":[{"href":"https:\/\/www.capkelenn.com\/fr\/wp-json\/wp\/v2\/pages\/1985","targetHints":{"allow":["GET"]}}],"collection":[{"href":"https:\/\/www.capkelenn.com\/fr\/wp-json\/wp\/v2\/pages"}],"about":[{"href":"https:\/\/www.capkelenn.com\/fr\/wp-json\/wp\/v2\/types\/page"}],"author":[{"embeddable":true,"href":"https:\/\/www.capkelenn.com\/fr\/wp-json\/wp\/v2\/users\/2"}],"replies":[{"embeddable":true,"href":"https:\/\/www.capkelenn.com\/fr\/wp-json\/wp\/v2\/comments?post=1985"}],"version-history":[{"count":8,"href":"https:\/\/www.capkelenn.com\/fr\/wp-json\/wp\/v2\/pages\/1985\/revisions"}],"predecessor-version":[{"id":7132,"href":"https:\/\/www.capkelenn.com\/fr\/wp-json\/wp\/v2\/pages\/1985\/revisions\/7132"}],"wp:attachment":[{"href":"https:\/\/www.capkelenn.com\/fr\/wp-json\/wp\/v2\/media?parent=1985"}],"curies":[{"name":"wp","href":"https:\/\/api.w.org\/{rel}","templated":true}]}}